{"id":4240,"date":"2021-11-17T12:48:20","date_gmt":"2021-11-17T11:48:20","guid":{"rendered":"https:\/\/www.norma-architecture.fr\/?post_type=portfolio&#038;p=4240"},"modified":"2022-12-14T12:47:49","modified_gmt":"2022-12-14T11:47:49","slug":"rehabilitation-du-caveau-de-la-cave-des-claimonts","status":"publish","type":"portfolio","link":"https:\/\/www.norma-architecture.fr\/index.php\/portfolio\/rehabilitation-du-caveau-de-la-cave-des-claimonts\/","title":{"rendered":"R\u00e9habilitation du caveau de la cave des Clairmonts"},"content":{"rendered":"<p>R\u00e9habilitation du caveau de la Cave des Clairmonts \u00e0 Beaumont-Monteux (26)<\/p>\n<h4><\/h4>\n<p>&nbsp;<\/p>\n<p>&nbsp;<\/p>\n<h4>Informations projet<\/h4>\n<p>Livraison Juillet 2021 &#8211; \u00c9tudes 8 mois, Chantier 7 mois<\/p>\n<p>Maitre d&rsquo;ouvrage : SCV Cave des Clairmonts<\/p>\n<p>Localisation : Beaumont-Monteux 26600<\/p>\n<p>Maitrise d&rsquo;oeuvre : NORMA ARCHITECTURE<\/p>\n<p>Contr\u00f4le Technique : <a href=\"http:\/\/www.alpes-controles.fr\">ALPES CONTR\u00d4LES<\/a><\/p>\n<p>BET Structure : BET MATHIEU<\/p>\n<p>Ma\u00e7onnerie : UZEL CONSTRUCTION<\/p>\n<p>Charpente : DARU CHARPENTE<\/p>\n<p>Menuiseries aluminium \u00a0: <a href=\"http:\/\/www.darnis-metallier.fr\">DARNIS<\/a><\/p>\n<p>Cloisons &#8211; Doublages &#8211; Isolation &#8211; Peintures : LES JUMEAUX FROMENT<\/p>\n<p>\u00c9l\u00e9ctricit\u00e9 : ETS MARGIRIER<\/p>\n<p>CVC : <a href=\"http:\/\/www.gires-sarl.com\">ETS GIRES\u00a0<\/a><\/p>\n<p>Agencement &#8211; Menuiseries int\u00e9rieures bois : <a href=\"https:\/\/arthembois.fr\">ARTHEM&rsquo;BOIS<\/a><\/p>\n<p>Carrelage : CHANGEAS<\/p>\n<p>Sols Souples : GANON<\/p>\n<p>M\u00e9tallerie\u00a0: <a href=\"http:\/\/www.darnis-metallier.fr\">DARNIS<\/a><\/p>\n<p>Credit photos :<a href=\"http:\/\/www.juan-photo.net\"> JUAN ROBERT<\/a><\/p>\n","protected":false},"excerpt":{"rendered":"<p>R\u00e9habilitation du caveau de la Cave des Clairmonts \u00e0 Beaumont-Monteux (26) &nbsp; &nbsp; Informations projet Livraison Juillet 2021 &#8211; \u00c9tudes 8 mois, Chantier 7 mois Maitre d&rsquo;ouvrage : SCV Cave des Clairmonts Localisation : Beaumont-Monteux 26600 Maitrise d&rsquo;oeuvre : NORMA ARCHITECTURE Contr\u00f4le Technique : ALPES CONTR\u00d4LES BET Structure : BET MATHIEU Ma\u00e7onnerie : UZEL CONSTRUCTION&hellip;<\/p>\n","protected":false},"author":1,"featured_media":4248,"comment_status":"open","ping_status":"closed","template":"","meta":{"_acf_changed":false,"footnotes":""},"portfolio_category":[35,37,36,39],"portfolio_tag":[],"class_list":["post-4240","portfolio","type-portfolio","status-publish","has-post-thumbnail","hentry","portfolio_category-commerce","portfolio_category-oenologie","portfolio_category-rehabilitation","portfolio_category-retail"],"acf":[],"yoast_head":"<!-- This site is optimized with the Yoast SEO plugin v27.4 - https:\/\/yoast.com\/product\/yoast-seo-wordpress\/ -->\n<title>R\u00e9habilitation du caveau de la cave des Clairmonts - NORMA ARCHITECTURE TAIN L&#039;HERMITAGE<\/title>\n<meta name=\"robots\" content=\"index, follow, max-snippet:-1, max-image-preview:large, max-video-preview:-1\" \/>\n<link rel=\"canonical\" href=\"https:\/\/www.norma-architecture.fr\/index.php\/portfolio\/rehabilitation-du-caveau-de-la-cave-des-claimonts\/\" \/>\n<meta property=\"og:locale\" content=\"fr_FR\" \/>\n<meta property=\"og:type\" content=\"article\" \/>\n<meta property=\"og:title\" content=\"R\u00e9habilitation du caveau de la cave des Clairmonts - NORMA ARCHITECTURE TAIN L&#039;HERMITAGE\" \/>\n<meta property=\"og:description\" content=\"R\u00e9habilitation du caveau de la Cave des Clairmonts \u00e0 Beaumont-Monteux (26) &nbsp; &nbsp; Informations projet Livraison Juillet 2021 &#8211; \u00c9tudes 8 mois, Chantier 7 mois Maitre d&rsquo;ouvrage : SCV Cave des Clairmonts Localisation : Beaumont-Monteux 26600 Maitrise d&rsquo;oeuvre : NORMA ARCHITECTURE Contr\u00f4le Technique : ALPES CONTR\u00d4LES BET Structure : BET MATHIEU Ma\u00e7onnerie : UZEL CONSTRUCTION&hellip;\" \/>\n<meta property=\"og:url\" content=\"https:\/\/www.norma-architecture.fr\/index.php\/portfolio\/rehabilitation-du-caveau-de-la-cave-des-claimonts\/\" \/>\n<meta property=\"og:site_name\" content=\"NORMA ARCHITECTURE TAIN L&#039;HERMITAGE\" \/>\n<meta property=\"article:modified_time\" content=\"2022-12-14T11:47:49+00:00\" \/>\n<meta property=\"og:image\" content=\"https:\/\/www.norma-architecture.fr\/wp-content\/uploads\/2021\/11\/B2.jpg\" \/>\n\t<meta property=\"og:image:width\" content=\"827\" \/>\n\t<meta property=\"og:image:height\" content=\"1240\" \/>\n\t<meta property=\"og:image:type\" content=\"image\/jpeg\" \/>\n<meta name=\"twitter:card\" content=\"summary_large_image\" \/>\n<meta name=\"twitter:label1\" content=\"Dur\u00e9e de lecture estim\u00e9e\" \/>\n\t<meta name=\"twitter:data1\" content=\"1 minute\" \/>\n<script type=\"application\/ld+json\" class=\"yoast-schema-graph\">{\"@context\":\"https:\\\/\\\/schema.org\",\"@graph\":[{\"@type\":\"WebPage\",\"@id\":\"https:\\\/\\\/www.norma-architecture.fr\\\/index.php\\\/portfolio\\\/rehabilitation-du-caveau-de-la-cave-des-claimonts\\\/\",\"url\":\"https:\\\/\\\/www.norma-architecture.fr\\\/index.php\\\/portfolio\\\/rehabilitation-du-caveau-de-la-cave-des-claimonts\\\/\",\"name\":\"R\u00e9habilitation du caveau de la cave des Clairmonts - NORMA ARCHITECTURE TAIN L&#039;HERMITAGE\",\"isPartOf\":{\"@id\":\"https:\\\/\\\/www.norma-architecture.fr\\\/#website\"},\"primaryImageOfPage\":{\"@id\":\"https:\\\/\\\/www.norma-architecture.fr\\\/index.php\\\/portfolio\\\/rehabilitation-du-caveau-de-la-cave-des-claimonts\\\/#primaryimage\"},\"image\":{\"@id\":\"https:\\\/\\\/www.norma-architecture.fr\\\/index.php\\\/portfolio\\\/rehabilitation-du-caveau-de-la-cave-des-claimonts\\\/#primaryimage\"},\"thumbnailUrl\":\"https:\\\/\\\/www.norma-architecture.fr\\\/wp-content\\\/uploads\\\/2021\\\/11\\\/B2.jpg\",\"datePublished\":\"2021-11-17T11:48:20+00:00\",\"dateModified\":\"2022-12-14T11:47:49+00:00\",\"breadcrumb\":{\"@id\":\"https:\\\/\\\/www.norma-architecture.fr\\\/index.php\\\/portfolio\\\/rehabilitation-du-caveau-de-la-cave-des-claimonts\\\/#breadcrumb\"},\"inLanguage\":\"fr-FR\",\"potentialAction\":[{\"@type\":\"ReadAction\",\"target\":[\"https:\\\/\\\/www.norma-architecture.fr\\\/index.php\\\/portfolio\\\/rehabilitation-du-caveau-de-la-cave-des-claimonts\\\/\"]}]},{\"@type\":\"ImageObject\",\"inLanguage\":\"fr-FR\",\"@id\":\"https:\\\/\\\/www.norma-architecture.fr\\\/index.php\\\/portfolio\\\/rehabilitation-du-caveau-de-la-cave-des-claimonts\\\/#primaryimage\",\"url\":\"https:\\\/\\\/www.norma-architecture.fr\\\/wp-content\\\/uploads\\\/2021\\\/11\\\/B2.jpg\",\"contentUrl\":\"https:\\\/\\\/www.norma-architecture.fr\\\/wp-content\\\/uploads\\\/2021\\\/11\\\/B2.jpg\",\"width\":827,\"height\":1240},{\"@type\":\"BreadcrumbList\",\"@id\":\"https:\\\/\\\/www.norma-architecture.fr\\\/index.php\\\/portfolio\\\/rehabilitation-du-caveau-de-la-cave-des-claimonts\\\/#breadcrumb\",\"itemListElement\":[{\"@type\":\"ListItem\",\"position\":1,\"name\":\"Home\",\"item\":\"https:\\\/\\\/www.norma-architecture.fr\\\/\"},{\"@type\":\"ListItem\",\"position\":2,\"name\":\"Portfolio\",\"item\":\"https:\\\/\\\/www.norma-architecture.fr\\\/index.php\\\/portfolio\\\/\"},{\"@type\":\"ListItem\",\"position\":3,\"name\":\"R\u00e9habilitation du caveau de la cave des Clairmonts\"}]},{\"@type\":\"WebSite\",\"@id\":\"https:\\\/\\\/www.norma-architecture.fr\\\/#website\",\"url\":\"https:\\\/\\\/www.norma-architecture.fr\\\/\",\"name\":\"NORMA ARCHITECTURE TAIN L'HERMITAGE\",\"description\":\"Norma - Agence d&#039;architecture\",\"publisher\":{\"@id\":\"https:\\\/\\\/www.norma-architecture.fr\\\/#organization\"},\"potentialAction\":[{\"@type\":\"SearchAction\",\"target\":{\"@type\":\"EntryPoint\",\"urlTemplate\":\"https:\\\/\\\/www.norma-architecture.fr\\\/?s={search_term_string}\"},\"query-input\":{\"@type\":\"PropertyValueSpecification\",\"valueRequired\":true,\"valueName\":\"search_term_string\"}}],\"inLanguage\":\"fr-FR\"},{\"@type\":\"Organization\",\"@id\":\"https:\\\/\\\/www.norma-architecture.fr\\\/#organization\",\"name\":\"NORMA ARCHITECTURE\",\"url\":\"https:\\\/\\\/www.norma-architecture.fr\\\/\",\"logo\":{\"@type\":\"ImageObject\",\"inLanguage\":\"fr-FR\",\"@id\":\"https:\\\/\\\/www.norma-architecture.fr\\\/#\\\/schema\\\/logo\\\/image\\\/\",\"url\":\"https:\\\/\\\/www.norma-architecture.fr\\\/wp-content\\\/uploads\\\/2018\\\/08\\\/Logo-Norma-01.png\",\"contentUrl\":\"https:\\\/\\\/www.norma-architecture.fr\\\/wp-content\\\/uploads\\\/2018\\\/08\\\/Logo-Norma-01.png\",\"width\":833,\"height\":833,\"caption\":\"NORMA ARCHITECTURE\"},\"image\":{\"@id\":\"https:\\\/\\\/www.norma-architecture.fr\\\/#\\\/schema\\\/logo\\\/image\\\/\"}}]}<\/script>\n<!-- \/ Yoast SEO plugin. -->","yoast_head_json":{"title":"R\u00e9habilitation du caveau de la cave des Clairmonts - NORMA ARCHITECTURE TAIN L&#039;HERMITAGE","robots":{"index":"index","follow":"follow","max-snippet":"max-snippet:-1","max-image-preview":"max-image-preview:large","max-video-preview":"max-video-preview:-1"},"canonical":"https:\/\/www.norma-architecture.fr\/index.php\/portfolio\/rehabilitation-du-caveau-de-la-cave-des-claimonts\/","og_locale":"fr_FR","og_type":"article","og_title":"R\u00e9habilitation du caveau de la cave des Clairmonts - NORMA ARCHITECTURE TAIN L&#039;HERMITAGE","og_description":"R\u00e9habilitation du caveau de la Cave des Clairmonts \u00e0 Beaumont-Monteux (26) &nbsp; &nbsp; Informations projet Livraison Juillet 2021 &#8211; \u00c9tudes 8 mois, Chantier 7 mois Maitre d&rsquo;ouvrage : SCV Cave des Clairmonts Localisation : Beaumont-Monteux 26600 Maitrise d&rsquo;oeuvre : NORMA ARCHITECTURE Contr\u00f4le Technique : ALPES CONTR\u00d4LES BET Structure : BET MATHIEU Ma\u00e7onnerie : UZEL CONSTRUCTION&hellip;","og_url":"https:\/\/www.norma-architecture.fr\/index.php\/portfolio\/rehabilitation-du-caveau-de-la-cave-des-claimonts\/","og_site_name":"NORMA ARCHITECTURE TAIN L&#039;HERMITAGE","article_modified_time":"2022-12-14T11:47:49+00:00","og_image":[{"width":827,"height":1240,"url":"https:\/\/www.norma-architecture.fr\/wp-content\/uploads\/2021\/11\/B2.jpg","type":"image\/jpeg"}],"twitter_card":"summary_large_image","twitter_misc":{"Dur\u00e9e de lecture estim\u00e9e":"1 minute"},"schema":{"@context":"https:\/\/schema.org","@graph":[{"@type":"WebPage","@id":"https:\/\/www.norma-architecture.fr\/index.php\/portfolio\/rehabilitation-du-caveau-de-la-cave-des-claimonts\/","url":"https:\/\/www.norma-architecture.fr\/index.php\/portfolio\/rehabilitation-du-caveau-de-la-cave-des-claimonts\/","name":"R\u00e9habilitation du caveau de la cave des Clairmonts - NORMA ARCHITECTURE TAIN L&#039;HERMITAGE","isPartOf":{"@id":"https:\/\/www.norma-architecture.fr\/#website"},"primaryImageOfPage":{"@id":"https:\/\/www.norma-architecture.fr\/index.php\/portfolio\/rehabilitation-du-caveau-de-la-cave-des-claimonts\/#primaryimage"},"image":{"@id":"https:\/\/www.norma-architecture.fr\/index.php\/portfolio\/rehabilitation-du-caveau-de-la-cave-des-claimonts\/#primaryimage"},"thumbnailUrl":"https:\/\/www.norma-architecture.fr\/wp-content\/uploads\/2021\/11\/B2.jpg","datePublished":"2021-11-17T11:48:20+00:00","dateModified":"2022-12-14T11:47:49+00:00","breadcrumb":{"@id":"https:\/\/www.norma-architecture.fr\/index.php\/portfolio\/rehabilitation-du-caveau-de-la-cave-des-claimonts\/#breadcrumb"},"inLanguage":"fr-FR","potentialAction":[{"@type":"ReadAction","target":["https:\/\/www.norma-architecture.fr\/index.php\/portfolio\/rehabilitation-du-caveau-de-la-cave-des-claimonts\/"]}]},{"@type":"ImageObject","inLanguage":"fr-FR","@id":"https:\/\/www.norma-architecture.fr\/index.php\/portfolio\/rehabilitation-du-caveau-de-la-cave-des-claimonts\/#primaryimage","url":"https:\/\/www.norma-architecture.fr\/wp-content\/uploads\/2021\/11\/B2.jpg","contentUrl":"https:\/\/www.norma-architecture.fr\/wp-content\/uploads\/2021\/11\/B2.jpg","width":827,"height":1240},{"@type":"BreadcrumbList","@id":"https:\/\/www.norma-architecture.fr\/index.php\/portfolio\/rehabilitation-du-caveau-de-la-cave-des-claimonts\/#breadcrumb","itemListElement":[{"@type":"ListItem","position":1,"name":"Home","item":"https:\/\/www.norma-architecture.fr\/"},{"@type":"ListItem","position":2,"name":"Portfolio","item":"https:\/\/www.norma-architecture.fr\/index.php\/portfolio\/"},{"@type":"ListItem","position":3,"name":"R\u00e9habilitation du caveau de la cave des Clairmonts"}]},{"@type":"WebSite","@id":"https:\/\/www.norma-architecture.fr\/#website","url":"https:\/\/www.norma-architecture.fr\/","name":"NORMA ARCHITECTURE TAIN L'HERMITAGE","description":"Norma - Agence d&#039;architecture","publisher":{"@id":"https:\/\/www.norma-architecture.fr\/#organization"},"potentialAction":[{"@type":"SearchAction","target":{"@type":"EntryPoint","urlTemplate":"https:\/\/www.norma-architecture.fr\/?s={search_term_string}"},"query-input":{"@type":"PropertyValueSpecification","valueRequired":true,"valueName":"search_term_string"}}],"inLanguage":"fr-FR"},{"@type":"Organization","@id":"https:\/\/www.norma-architecture.fr\/#organization","name":"NORMA ARCHITECTURE","url":"https:\/\/www.norma-architecture.fr\/","logo":{"@type":"ImageObject","inLanguage":"fr-FR","@id":"https:\/\/www.norma-architecture.fr\/#\/schema\/logo\/image\/","url":"https:\/\/www.norma-architecture.fr\/wp-content\/uploads\/2018\/08\/Logo-Norma-01.png","contentUrl":"https:\/\/www.norma-architecture.fr\/wp-content\/uploads\/2018\/08\/Logo-Norma-01.png","width":833,"height":833,"caption":"NORMA ARCHITECTURE"},"image":{"@id":"https:\/\/www.norma-architecture.fr\/#\/schema\/logo\/image\/"}}]}},"_links":{"self":[{"href":"https:\/\/www.norma-architecture.fr\/index.php\/wp-json\/wp\/v2\/portfolio\/4240","targetHints":{"allow":["GET"]}}],"collection":[{"href":"https:\/\/www.norma-architecture.fr\/index.php\/wp-json\/wp\/v2\/portfolio"}],"about":[{"href":"https:\/\/www.norma-architecture.fr\/index.php\/wp-json\/wp\/v2\/types\/portfolio"}],"author":[{"embeddable":true,"href":"https:\/\/www.norma-architecture.fr\/index.php\/wp-json\/wp\/v2\/users\/1"}],"replies":[{"embeddable":true,"href":"https:\/\/www.norma-architecture.fr\/index.php\/wp-json\/wp\/v2\/comments?post=4240"}],"version-history":[{"count":0,"href":"https:\/\/www.norma-architecture.fr\/index.php\/wp-json\/wp\/v2\/portfolio\/4240\/revisions"}],"wp:featuredmedia":[{"embeddable":true,"href":"https:\/\/www.norma-architecture.fr\/index.php\/wp-json\/wp\/v2\/media\/4248"}],"wp:attachment":[{"href":"https:\/\/www.norma-architecture.fr\/index.php\/wp-json\/wp\/v2\/media?parent=4240"}],"wp:term":[{"taxonomy":"portfolio_category","embeddable":true,"href":"https:\/\/www.norma-architecture.fr\/index.php\/wp-json\/wp\/v2\/portfolio_category?post=4240"},{"taxonomy":"portfolio_tag","embeddable":true,"href":"https:\/\/www.norma-architecture.fr\/index.php\/wp-json\/wp\/v2\/portfolio_tag?post=4240"}],"curies":[{"name":"wp","href":"https:\/\/api.w.org\/{rel}","templated":true}]}}