{"id":4022,"date":"2018-10-25T16:17:49","date_gmt":"2018-10-25T14:17:49","guid":{"rendered":"http:\/\/www.norma-architecture.fr\/?post_type=portfolio&#038;p=4022"},"modified":"2019-01-02T14:31:52","modified_gmt":"2019-01-02T13:31:52","slug":"rehabilitation-et-extension-dune-maison-de-rue","status":"publish","type":"portfolio","link":"https:\/\/www.norma-architecture.fr\/index.php\/portfolio\/rehabilitation-et-extension-dune-maison-de-rue\/","title":{"rendered":"R\u00c9HABILITATION ET EXTENSION D&rsquo;UNE MAISON DE RUE"},"content":{"rendered":"<p>Le maitre d&rsquo;ouvrage a eu l&rsquo;opportunit\u00e9 d&rsquo;acqu\u00e9rir cette maison de rue dot\u00e9e d&rsquo;une localisation id\u00e9ale, situ\u00e9e \u00e0 l&rsquo;entr\u00e9e de Tain L&rsquo;Hermitage et dans le p\u00e9rim\u00e8tre de son ensemble foncier historique.<\/p>\n<p>Le b\u00e2timent, laiss\u00e9 \u00e0 l&rsquo;abandon depuis de nombreuses ann\u00e9es, \u00e9tait dans un \u00e9tat de d\u00e9gradation avanc\u00e9.<\/p>\n<p>Le maitre d&rsquo;ouvrage a souhait\u00e9 le rehabiliter int\u00e9gralement afin de cr\u00e9er une r\u00e9sidence pour son personnel.<\/p>\n<p>L&rsquo;int\u00e9gralit\u00e9 du b\u00e2timent \u00e0 \u00e9t\u00e9 r\u00e9am\u00e9nag\u00e9e, y compris d\u00e9molition et reprise des planchers int\u00e9rieurs et une partie de la cour ext\u00e9rieure a \u00e9t\u00e9 b\u00e2tie afin d&rsquo;\u00e9tendre la surface en rez de chauss\u00e9e.<\/p>\n<p>Le pignon donnant sur un carrefour fr\u00e9quent\u00e9 re\u00e7oit une fresque murale reprenant les \u00e9l\u00e9ments graphiques li\u00e9s \u00e0 l&rsquo;identit\u00e9 du maitre d&rsquo;ouvrage et au terroir remarquable du vignoble de Tain L&rsquo;Hermitage.<\/p>\n<p>&nbsp;<\/p>\n<h4>Informations projet<\/h4>\n<p>Livraison Novembre 2016 &#8211; \u00c9tudes 5 mois, Chantier 6 mois<\/p>\n<p>Maitre d&rsquo;ouvrage : MC FINANCE<\/p>\n<p>Localisation : Tain L&rsquo;Hermitage 26600<\/p>\n<p>Maitrise d&rsquo;ouvre : NORMA ARCHITECTURE<\/p>\n<p>Ma\u00e7onnerie : <a href=\"http:\/\/www.maconnerie-michelsavel.fr\">SAVEL<\/a><\/p>\n<p>Charpente : DARU CHARPENTE<\/p>\n<p>Fa\u00e7ade : <a href=\"http:\/\/www.thomasset-peinture.fr\">THOMASSET<\/a><\/p>\n<p>Menuiseries Aluminium \u00a0: <a href=\"https:\/\/www.portail-automatique-escoffier.fr\">ESCOFFIER<\/a><\/p>\n<p>Cloisons &#8211; Doublages &#8211; Isolation &#8211; Peintures : <a href=\"http:\/\/www.thomasset-peinture.fr\">THOMASSET<\/a><\/p>\n<p>Chauffage &#8211; Climatisation : <a href=\"http:\/\/www.gires-sarl.com\">ETS GIRES \/ NEC + SERVICE<\/a><\/p>\n<p>\u00c9l\u00e9ctricit\u00e9 : <a href=\"https:\/\/www.em-elec.fr\">ETS MARGIRIER MABOUX<\/a><\/p>\n<p>Menuiseries int\u00e9rieures bois : <a href=\"http:\/\/www.eatb.fr\">EATB<\/a><\/p>\n<p>Fresque murale : <a href=\"http:\/\/haut-les-murs.com\">HAUT LES MURS<\/a><\/p>\n<p>&nbsp;<\/p>\n","protected":false},"excerpt":{"rendered":"<p>Le maitre d&rsquo;ouvrage a eu l&rsquo;opportunit\u00e9 d&rsquo;acqu\u00e9rir cette maison de rue dot\u00e9e d&rsquo;une localisation id\u00e9ale, situ\u00e9e \u00e0 l&rsquo;entr\u00e9e de Tain L&rsquo;Hermitage et dans le p\u00e9rim\u00e8tre de son ensemble foncier historique. Le b\u00e2timent, laiss\u00e9 \u00e0 l&rsquo;abandon depuis de nombreuses ann\u00e9es, \u00e9tait dans un \u00e9tat de d\u00e9gradation avanc\u00e9. Le maitre d&rsquo;ouvrage a souhait\u00e9 le rehabiliter int\u00e9gralement afin&hellip;<\/p>\n","protected":false},"author":1,"featured_media":4025,"comment_status":"open","ping_status":"closed","template":"","meta":{"_acf_changed":false,"footnotes":""},"portfolio_category":[32,36,33],"portfolio_tag":[],"class_list":["post-4022","portfolio","type-portfolio","status-publish","has-post-thumbnail","hentry","portfolio_category-extension","portfolio_category-rehabilitation","portfolio_category-residentiel"],"acf":[],"yoast_head":"<!-- This site is optimized with the Yoast SEO plugin v27.4 - https:\/\/yoast.com\/product\/yoast-seo-wordpress\/ -->\n<title>R\u00c9HABILITATION ET EXTENSION D&#039;UNE MAISON DE RUE - NORMA ARCHITECTURE TAIN L&#039;HERMITAGE<\/title>\n<meta name=\"description\" content=\"R\u00e9habilitation et extension d&#039;une maison de rue. Norma Architecture Tain L&#039;Hermitage.\" \/>\n<meta name=\"robots\" content=\"index, follow, max-snippet:-1, max-image-preview:large, max-video-preview:-1\" \/>\n<link rel=\"canonical\" href=\"https:\/\/www.norma-architecture.fr\/index.php\/portfolio\/rehabilitation-et-extension-dune-maison-de-rue\/\" \/>\n<meta property=\"og:locale\" content=\"fr_FR\" \/>\n<meta property=\"og:type\" content=\"article\" \/>\n<meta property=\"og:title\" content=\"R\u00c9HABILITATION ET EXTENSION D&#039;UNE MAISON DE RUE - NORMA ARCHITECTURE TAIN L&#039;HERMITAGE\" \/>\n<meta property=\"og:description\" content=\"R\u00e9habilitation et extension d&#039;une maison de rue. Norma Architecture Tain L&#039;Hermitage.\" \/>\n<meta property=\"og:url\" content=\"https:\/\/www.norma-architecture.fr\/index.php\/portfolio\/rehabilitation-et-extension-dune-maison-de-rue\/\" \/>\n<meta property=\"og:site_name\" content=\"NORMA ARCHITECTURE TAIN L&#039;HERMITAGE\" \/>\n<meta property=\"article:modified_time\" content=\"2019-01-02T13:31:52+00:00\" \/>\n<meta property=\"og:image\" content=\"https:\/\/www.norma-architecture.fr\/wp-content\/uploads\/2018\/10\/CHA_PIER_PER_1.jpg\" \/>\n\t<meta property=\"og:image:width\" content=\"1240\" \/>\n\t<meta property=\"og:image:height\" content=\"827\" \/>\n\t<meta property=\"og:image:type\" content=\"image\/jpeg\" \/>\n<meta name=\"twitter:card\" content=\"summary_large_image\" \/>\n<meta name=\"twitter:label1\" content=\"Dur\u00e9e de lecture estim\u00e9e\" \/>\n\t<meta name=\"twitter:data1\" content=\"1 minute\" \/>\n<script type=\"application\/ld+json\" class=\"yoast-schema-graph\">{\"@context\":\"https:\\\/\\\/schema.org\",\"@graph\":[{\"@type\":\"WebPage\",\"@id\":\"https:\\\/\\\/www.norma-architecture.fr\\\/index.php\\\/portfolio\\\/rehabilitation-et-extension-dune-maison-de-rue\\\/\",\"url\":\"https:\\\/\\\/www.norma-architecture.fr\\\/index.php\\\/portfolio\\\/rehabilitation-et-extension-dune-maison-de-rue\\\/\",\"name\":\"R\u00c9HABILITATION ET EXTENSION D'UNE MAISON DE RUE - NORMA ARCHITECTURE TAIN L&#039;HERMITAGE\",\"isPartOf\":{\"@id\":\"https:\\\/\\\/www.norma-architecture.fr\\\/#website\"},\"primaryImageOfPage\":{\"@id\":\"https:\\\/\\\/www.norma-architecture.fr\\\/index.php\\\/portfolio\\\/rehabilitation-et-extension-dune-maison-de-rue\\\/#primaryimage\"},\"image\":{\"@id\":\"https:\\\/\\\/www.norma-architecture.fr\\\/index.php\\\/portfolio\\\/rehabilitation-et-extension-dune-maison-de-rue\\\/#primaryimage\"},\"thumbnailUrl\":\"https:\\\/\\\/www.norma-architecture.fr\\\/wp-content\\\/uploads\\\/2018\\\/10\\\/CHA_PIER_PER_1.jpg\",\"datePublished\":\"2018-10-25T14:17:49+00:00\",\"dateModified\":\"2019-01-02T13:31:52+00:00\",\"description\":\"R\u00e9habilitation et extension d'une maison de rue. Norma Architecture Tain L'Hermitage.\",\"breadcrumb\":{\"@id\":\"https:\\\/\\\/www.norma-architecture.fr\\\/index.php\\\/portfolio\\\/rehabilitation-et-extension-dune-maison-de-rue\\\/#breadcrumb\"},\"inLanguage\":\"fr-FR\",\"potentialAction\":[{\"@type\":\"ReadAction\",\"target\":[\"https:\\\/\\\/www.norma-architecture.fr\\\/index.php\\\/portfolio\\\/rehabilitation-et-extension-dune-maison-de-rue\\\/\"]}]},{\"@type\":\"ImageObject\",\"inLanguage\":\"fr-FR\",\"@id\":\"https:\\\/\\\/www.norma-architecture.fr\\\/index.php\\\/portfolio\\\/rehabilitation-et-extension-dune-maison-de-rue\\\/#primaryimage\",\"url\":\"https:\\\/\\\/www.norma-architecture.fr\\\/wp-content\\\/uploads\\\/2018\\\/10\\\/CHA_PIER_PER_1.jpg\",\"contentUrl\":\"https:\\\/\\\/www.norma-architecture.fr\\\/wp-content\\\/uploads\\\/2018\\\/10\\\/CHA_PIER_PER_1.jpg\",\"width\":1240,\"height\":827},{\"@type\":\"BreadcrumbList\",\"@id\":\"https:\\\/\\\/www.norma-architecture.fr\\\/index.php\\\/portfolio\\\/rehabilitation-et-extension-dune-maison-de-rue\\\/#breadcrumb\",\"itemListElement\":[{\"@type\":\"ListItem\",\"position\":1,\"name\":\"Home\",\"item\":\"https:\\\/\\\/www.norma-architecture.fr\\\/\"},{\"@type\":\"ListItem\",\"position\":2,\"name\":\"Portfolio\",\"item\":\"https:\\\/\\\/www.norma-architecture.fr\\\/index.php\\\/portfolio\\\/\"},{\"@type\":\"ListItem\",\"position\":3,\"name\":\"R\u00c9HABILITATION ET EXTENSION D&rsquo;UNE MAISON DE RUE\"}]},{\"@type\":\"WebSite\",\"@id\":\"https:\\\/\\\/www.norma-architecture.fr\\\/#website\",\"url\":\"https:\\\/\\\/www.norma-architecture.fr\\\/\",\"name\":\"NORMA ARCHITECTURE TAIN L'HERMITAGE\",\"description\":\"Norma - Agence d&#039;architecture\",\"publisher\":{\"@id\":\"https:\\\/\\\/www.norma-architecture.fr\\\/#organization\"},\"potentialAction\":[{\"@type\":\"SearchAction\",\"target\":{\"@type\":\"EntryPoint\",\"urlTemplate\":\"https:\\\/\\\/www.norma-architecture.fr\\\/?s={search_term_string}\"},\"query-input\":{\"@type\":\"PropertyValueSpecification\",\"valueRequired\":true,\"valueName\":\"search_term_string\"}}],\"inLanguage\":\"fr-FR\"},{\"@type\":\"Organization\",\"@id\":\"https:\\\/\\\/www.norma-architecture.fr\\\/#organization\",\"name\":\"NORMA ARCHITECTURE\",\"url\":\"https:\\\/\\\/www.norma-architecture.fr\\\/\",\"logo\":{\"@type\":\"ImageObject\",\"inLanguage\":\"fr-FR\",\"@id\":\"https:\\\/\\\/www.norma-architecture.fr\\\/#\\\/schema\\\/logo\\\/image\\\/\",\"url\":\"https:\\\/\\\/www.norma-architecture.fr\\\/wp-content\\\/uploads\\\/2018\\\/08\\\/Logo-Norma-01.png\",\"contentUrl\":\"https:\\\/\\\/www.norma-architecture.fr\\\/wp-content\\\/uploads\\\/2018\\\/08\\\/Logo-Norma-01.png\",\"width\":833,\"height\":833,\"caption\":\"NORMA ARCHITECTURE\"},\"image\":{\"@id\":\"https:\\\/\\\/www.norma-architecture.fr\\\/#\\\/schema\\\/logo\\\/image\\\/\"}}]}<\/script>\n<!-- \/ Yoast SEO plugin. -->","yoast_head_json":{"title":"R\u00c9HABILITATION ET EXTENSION D'UNE MAISON DE RUE - NORMA ARCHITECTURE TAIN L&#039;HERMITAGE","description":"R\u00e9habilitation et extension d'une maison de rue. Norma Architecture Tain L'Hermitage.","robots":{"index":"index","follow":"follow","max-snippet":"max-snippet:-1","max-image-preview":"max-image-preview:large","max-video-preview":"max-video-preview:-1"},"canonical":"https:\/\/www.norma-architecture.fr\/index.php\/portfolio\/rehabilitation-et-extension-dune-maison-de-rue\/","og_locale":"fr_FR","og_type":"article","og_title":"R\u00c9HABILITATION ET EXTENSION D'UNE MAISON DE RUE - NORMA ARCHITECTURE TAIN L&#039;HERMITAGE","og_description":"R\u00e9habilitation et extension d'une maison de rue. Norma Architecture Tain L'Hermitage.","og_url":"https:\/\/www.norma-architecture.fr\/index.php\/portfolio\/rehabilitation-et-extension-dune-maison-de-rue\/","og_site_name":"NORMA ARCHITECTURE TAIN L&#039;HERMITAGE","article_modified_time":"2019-01-02T13:31:52+00:00","og_image":[{"width":1240,"height":827,"url":"https:\/\/www.norma-architecture.fr\/wp-content\/uploads\/2018\/10\/CHA_PIER_PER_1.jpg","type":"image\/jpeg"}],"twitter_card":"summary_large_image","twitter_misc":{"Dur\u00e9e de lecture estim\u00e9e":"1 minute"},"schema":{"@context":"https:\/\/schema.org","@graph":[{"@type":"WebPage","@id":"https:\/\/www.norma-architecture.fr\/index.php\/portfolio\/rehabilitation-et-extension-dune-maison-de-rue\/","url":"https:\/\/www.norma-architecture.fr\/index.php\/portfolio\/rehabilitation-et-extension-dune-maison-de-rue\/","name":"R\u00c9HABILITATION ET EXTENSION D'UNE MAISON DE RUE - NORMA ARCHITECTURE TAIN L&#039;HERMITAGE","isPartOf":{"@id":"https:\/\/www.norma-architecture.fr\/#website"},"primaryImageOfPage":{"@id":"https:\/\/www.norma-architecture.fr\/index.php\/portfolio\/rehabilitation-et-extension-dune-maison-de-rue\/#primaryimage"},"image":{"@id":"https:\/\/www.norma-architecture.fr\/index.php\/portfolio\/rehabilitation-et-extension-dune-maison-de-rue\/#primaryimage"},"thumbnailUrl":"https:\/\/www.norma-architecture.fr\/wp-content\/uploads\/2018\/10\/CHA_PIER_PER_1.jpg","datePublished":"2018-10-25T14:17:49+00:00","dateModified":"2019-01-02T13:31:52+00:00","description":"R\u00e9habilitation et extension d'une maison de rue. Norma Architecture Tain L'Hermitage.","breadcrumb":{"@id":"https:\/\/www.norma-architecture.fr\/index.php\/portfolio\/rehabilitation-et-extension-dune-maison-de-rue\/#breadcrumb"},"inLanguage":"fr-FR","potentialAction":[{"@type":"ReadAction","target":["https:\/\/www.norma-architecture.fr\/index.php\/portfolio\/rehabilitation-et-extension-dune-maison-de-rue\/"]}]},{"@type":"ImageObject","inLanguage":"fr-FR","@id":"https:\/\/www.norma-architecture.fr\/index.php\/portfolio\/rehabilitation-et-extension-dune-maison-de-rue\/#primaryimage","url":"https:\/\/www.norma-architecture.fr\/wp-content\/uploads\/2018\/10\/CHA_PIER_PER_1.jpg","contentUrl":"https:\/\/www.norma-architecture.fr\/wp-content\/uploads\/2018\/10\/CHA_PIER_PER_1.jpg","width":1240,"height":827},{"@type":"BreadcrumbList","@id":"https:\/\/www.norma-architecture.fr\/index.php\/portfolio\/rehabilitation-et-extension-dune-maison-de-rue\/#breadcrumb","itemListElement":[{"@type":"ListItem","position":1,"name":"Home","item":"https:\/\/www.norma-architecture.fr\/"},{"@type":"ListItem","position":2,"name":"Portfolio","item":"https:\/\/www.norma-architecture.fr\/index.php\/portfolio\/"},{"@type":"ListItem","position":3,"name":"R\u00c9HABILITATION ET EXTENSION D&rsquo;UNE MAISON DE RUE"}]},{"@type":"WebSite","@id":"https:\/\/www.norma-architecture.fr\/#website","url":"https:\/\/www.norma-architecture.fr\/","name":"NORMA ARCHITECTURE TAIN L'HERMITAGE","description":"Norma - Agence d&#039;architecture","publisher":{"@id":"https:\/\/www.norma-architecture.fr\/#organization"},"potentialAction":[{"@type":"SearchAction","target":{"@type":"EntryPoint","urlTemplate":"https:\/\/www.norma-architecture.fr\/?s={search_term_string}"},"query-input":{"@type":"PropertyValueSpecification","valueRequired":true,"valueName":"search_term_string"}}],"inLanguage":"fr-FR"},{"@type":"Organization","@id":"https:\/\/www.norma-architecture.fr\/#organization","name":"NORMA ARCHITECTURE","url":"https:\/\/www.norma-architecture.fr\/","logo":{"@type":"ImageObject","inLanguage":"fr-FR","@id":"https:\/\/www.norma-architecture.fr\/#\/schema\/logo\/image\/","url":"https:\/\/www.norma-architecture.fr\/wp-content\/uploads\/2018\/08\/Logo-Norma-01.png","contentUrl":"https:\/\/www.norma-architecture.fr\/wp-content\/uploads\/2018\/08\/Logo-Norma-01.png","width":833,"height":833,"caption":"NORMA ARCHITECTURE"},"image":{"@id":"https:\/\/www.norma-architecture.fr\/#\/schema\/logo\/image\/"}}]}},"_links":{"self":[{"href":"https:\/\/www.norma-architecture.fr\/index.php\/wp-json\/wp\/v2\/portfolio\/4022","targetHints":{"allow":["GET"]}}],"collection":[{"href":"https:\/\/www.norma-architecture.fr\/index.php\/wp-json\/wp\/v2\/portfolio"}],"about":[{"href":"https:\/\/www.norma-architecture.fr\/index.php\/wp-json\/wp\/v2\/types\/portfolio"}],"author":[{"embeddable":true,"href":"https:\/\/www.norma-architecture.fr\/index.php\/wp-json\/wp\/v2\/users\/1"}],"replies":[{"embeddable":true,"href":"https:\/\/www.norma-architecture.fr\/index.php\/wp-json\/wp\/v2\/comments?post=4022"}],"version-history":[{"count":0,"href":"https:\/\/www.norma-architecture.fr\/index.php\/wp-json\/wp\/v2\/portfolio\/4022\/revisions"}],"wp:featuredmedia":[{"embeddable":true,"href":"https:\/\/www.norma-architecture.fr\/index.php\/wp-json\/wp\/v2\/media\/4025"}],"wp:attachment":[{"href":"https:\/\/www.norma-architecture.fr\/index.php\/wp-json\/wp\/v2\/media?parent=4022"}],"wp:term":[{"taxonomy":"portfolio_category","embeddable":true,"href":"https:\/\/www.norma-architecture.fr\/index.php\/wp-json\/wp\/v2\/portfolio_category?post=4022"},{"taxonomy":"portfolio_tag","embeddable":true,"href":"https:\/\/www.norma-architecture.fr\/index.php\/wp-json\/wp\/v2\/portfolio_tag?post=4022"}],"curies":[{"name":"wp","href":"https:\/\/api.w.org\/{rel}","templated":true}]}}