{"id":3857,"date":"2018-10-30T16:24:29","date_gmt":"2018-10-30T15:24:29","guid":{"rendered":"http:\/\/www.norma-architecture.fr\/?post_type=portfolio&#038;p=3857"},"modified":"2019-01-02T14:04:24","modified_gmt":"2019-01-02T13:04:24","slug":"le-nice","status":"publish","type":"portfolio","link":"https:\/\/www.norma-architecture.fr\/index.php\/portfolio\/le-nice\/","title":{"rendered":"Brasserie Le Nice"},"content":{"rendered":"<p>Le Caf\u00e9 de Nice est un \u00e9tablissement familial implant\u00e9 dans un cadre paysager exceptionnel, situ\u00e9 sur les quais du Rh\u00f4ne, sur le trac\u00e9 de la Via Rhona et \u00e0 proximit\u00e9 imm\u00e9diate du port de Tain L\u2019Hermitage.<\/p>\n<p>Le maitre d\u2019ouvrage a eu l\u2019opportunit\u00e9 de d\u00e9velopper son \u00e9tablissement par l\u2019acquisition d\u2019un b\u00e2timent voisin et d\u2019une petite rue d\u00e9class\u00e9e du domaine public, s\u00e9parant son ensemble foncier initial de la nouvelle acquisition.<\/p>\n<p>L\u2019objectif du projet \u00e9tait de b\u00e2tir un passage sur l\u2019ancienne rue de mani\u00e8re \u00e0 relier les rez de chauss\u00e9e des deux b\u00e2timents afin de cr\u00e9e une salle suppl\u00e9mentaire pour l\u2019\u00e9tablissement, de r\u00e9habiliter l\u2019ancienne construction pour am\u00e9nager 2 logements locatifs en R+1 et R+2 et de d\u00e9molir puis reb\u00e2tir l\u2019ancienne v\u00e9randa implant\u00e9e en concession sur la voie publique afin d\u2019augmenter sa capacit\u00e9.<\/p>\n<p>La complexit\u00e9 du projet r\u00e9sidait dans le fait que le b\u00e2ti cr\u00e9\u00e9 devait s\u2019implanter sur un ancien domaine public, sous l\u2019emprise duquel de nombreux r\u00e9seaux \u00e9taient pr\u00e9sents, dans un espace restreint pourvu de nombreuses contraintes li\u00e9es au contexte existant.<\/p>\n<p>En outre, l\u2019\u00e9tablissement ne devait \u00eatre ferm\u00e9 pour travaux que durant une courte p\u00e9riode de 12 semaines, qui incluait la r\u00e9habilitation du bar existant.<\/p>\n<p>L\u2019emploi d\u2019un syst\u00e8me de fondation par pieux m\u00e9talliques viss\u00e9s TECHNOPIEUX\u00ae a permis de fonder les b\u00e2timents de mani\u00e8re extr\u00eamement rapide, sans fouilles en puits ou en tranch\u00e9es, sans apport d\u2019eau ou de b\u00e9ton sur le chantier et sans aucunes d\u00e9gradations des ouvrages environnants.<\/p>\n<p>Sur ces ouvrages se positionnent des longrines b\u00e9ton pr\u00e9fabriqu\u00e9es et clavet\u00e9es avec les platines m\u00e9talliques en t\u00eate de pieux. L\u2019ensemble des \u00e9l\u00e9vations est r\u00e9alis\u00e9 en ossature bois, enti\u00e8rement pr\u00e9fabriqu\u00e9 en atelier, puis habill\u00e9 en t\u00f4le alu thermolaqu\u00e9 ou en bardage fibrociment.<\/p>\n<p>La combinaison de ces proc\u00e9d\u00e9s a permis une mise en oeuvre propre, rapide et r\u00e9pondant \u00e0 toutes les r\u00e9glementations parasismiques.<\/p>\n<p>Au coeur du nouvel ensemble cr\u00e9\u00e9, l\u2019extension vitr\u00e9e est pourvue d\u2019une double porte pliante \/ coulissante qui permet d\u2019ouvrir int\u00e9gralement l\u2019\u00e9tablissement sur sa terrasse ext\u00e9rieure pendant la p\u00e9riode estivale et d\u2019accueillir les convives dans la continuit\u00e9 du bar existant. En saison froide, ses parois int\u00e9gralement vitr\u00e9es et sa r\u00e9gulation thermodynamique permettent de profiter du cadre paysager dans les meilleures conditions de confort.<\/p>\n<p>&nbsp;<\/p>\n<p>&nbsp;<\/p>\n<h4>Informations projet<\/h4>\n<p>Maitre d\u2019ouvrage : SCI DJC<\/p>\n<p>Livraison septembre 2018 &#8211; Etudes 12 mois, chantier 10 mois dont 12 semaines pour la partie Bar \/ Restaurant.<\/p>\n<p>Maitrise d&rsquo;oeuvre : NORMA ARCHITECTURE<\/p>\n<p>BET Structure : BET AT CONSEIL INGENIERIE<\/p>\n<p>BET Ossature Bois : <a href=\"http:\/\/www.beelementbois.com\">BET ELEMENT BOIS<\/a><\/p>\n<p>BET G\u00e9otechnique : <a href=\"http:\/\/www.alios.website\">BET ALIOS INGENIERIE<\/a><\/p>\n<p>Ma\u00e7onnerie : <a href=\"http:\/\/www.blaise-batiment.fr\">BLAISE B\u00c2TIMENT<\/a><\/p>\n<p>Charpente traditionnelle : DARU CHARPENTE<\/p>\n<p>Ossature Bois &#8211; Bardage : <a href=\"https:\/\/www.secobois.fr\">SECOBOIS<\/a><\/p>\n<p>Fa\u00e7ade : <a href=\"https:\/\/jcm-facades26.fr\">JCM FA\u00c7ADE<\/a><\/p>\n<p>Menuiseries aluminium v\u00e9randa\u00a0: <a href=\"https:\/\/www.secobois.fr\">SECOBOIS<\/a><\/p>\n<p>Menuiseries aluminium b\u00e2timent : <a href=\"http:\/\/www.menuiserie-mandon.com\">ETS MANDON<\/a><\/p>\n<p>Cloisons &#8211; Doublages &#8211; Isolation &#8211; Peintures : <a href=\"https:\/\/www.jbmpp-platrerie-peinture.fr\">J.B.M.PP<\/a><\/p>\n<p>Chauffage &#8211; Climatisation : DUMAINE<\/p>\n<p>\u00c9l\u00e9ctricit\u00e9 : ETS GELIBERT<\/p>\n<p>Carrelage : CHANGEAS<\/p>\n<p>Agencement &#8211; Menuiseries int\u00e9rieures bois : <a href=\"http:\/\/www.menuiserie-mandon.com\">ETS MANDON<\/a><\/p>\n<p>Enseignes : BOZZOLA CR\u00c9ATION<\/p>\n<p>Fondations sp\u00e9ciales : <a href=\"https:\/\/www.technopieux.com\/fr-FR\/concessionnaire\/techno-pieux-rhone-et-nord-isere\/\">TECHNOPIEUX RHONE NORD ISERE<\/a><\/p>\n<p>Credit photos : <a href=\"http:\/\/www.juan-photo.net\">JUAN ROBERT<\/a><\/p>\n","protected":false},"excerpt":{"rendered":"<p>Le Caf\u00e9 de Nice est un \u00e9tablissement familial implant\u00e9 dans un cadre paysager exceptionnel, situ\u00e9 sur les quais du Rh\u00f4ne, sur le trac\u00e9 de la Via Rhona et \u00e0 proximit\u00e9 imm\u00e9diate du port de Tain L\u2019Hermitage. Le maitre d\u2019ouvrage a eu l\u2019opportunit\u00e9 de d\u00e9velopper son \u00e9tablissement par l\u2019acquisition d\u2019un b\u00e2timent voisin et d\u2019une petite rue&hellip;<\/p>\n","protected":false},"author":1,"featured_media":3854,"comment_status":"open","ping_status":"closed","template":"","meta":{"_acf_changed":false,"footnotes":""},"portfolio_category":[35,32,40,34,36],"portfolio_tag":[],"class_list":["post-3857","portfolio","type-portfolio","status-publish","has-post-thumbnail","hentry","portfolio_category-commerce","portfolio_category-extension","portfolio_category-hotellerie","portfolio_category-ossature-bois","portfolio_category-rehabilitation"],"acf":[],"yoast_head":"<!-- This site is optimized with the Yoast SEO plugin v27.4 - https:\/\/yoast.com\/product\/yoast-seo-wordpress\/ -->\n<title>Brasserie Le Nice - NORMA ARCHITECTURE TAIN L&#039;HERMITAGE<\/title>\n<meta name=\"description\" content=\"R\u00e9habilitation et extension ossature bois d&#039;une brasserie. Cr\u00e9ation d&#039;ensembles locatifs. Norma Architecture Tain L&#039;Hermitage.\" \/>\n<meta name=\"robots\" content=\"index, follow, max-snippet:-1, max-image-preview:large, max-video-preview:-1\" \/>\n<link rel=\"canonical\" href=\"https:\/\/www.norma-architecture.fr\/index.php\/portfolio\/le-nice\/\" \/>\n<meta property=\"og:locale\" content=\"fr_FR\" \/>\n<meta property=\"og:type\" content=\"article\" \/>\n<meta property=\"og:title\" content=\"Brasserie Le Nice - NORMA ARCHITECTURE TAIN L&#039;HERMITAGE\" \/>\n<meta property=\"og:description\" content=\"R\u00e9habilitation et extension ossature bois d&#039;une brasserie. Cr\u00e9ation d&#039;ensembles locatifs. Norma Architecture Tain L&#039;Hermitage.\" \/>\n<meta property=\"og:url\" content=\"https:\/\/www.norma-architecture.fr\/index.php\/portfolio\/le-nice\/\" \/>\n<meta property=\"og:site_name\" content=\"NORMA ARCHITECTURE TAIN L&#039;HERMITAGE\" \/>\n<meta property=\"article:modified_time\" content=\"2019-01-02T13:04:24+00:00\" \/>\n<meta property=\"og:image\" content=\"https:\/\/www.norma-architecture.fr\/wp-content\/uploads\/2018\/09\/NICE_EXT_1.jpg\" \/>\n\t<meta property=\"og:image:width\" content=\"1240\" \/>\n\t<meta property=\"og:image:height\" content=\"827\" \/>\n\t<meta property=\"og:image:type\" content=\"image\/jpeg\" \/>\n<meta name=\"twitter:card\" content=\"summary_large_image\" \/>\n<meta name=\"twitter:label1\" content=\"Dur\u00e9e de lecture estim\u00e9e\" \/>\n\t<meta name=\"twitter:data1\" content=\"3 minutes\" \/>\n<script type=\"application\/ld+json\" class=\"yoast-schema-graph\">{\"@context\":\"https:\\\/\\\/schema.org\",\"@graph\":[{\"@type\":\"WebPage\",\"@id\":\"https:\\\/\\\/www.norma-architecture.fr\\\/index.php\\\/portfolio\\\/le-nice\\\/\",\"url\":\"https:\\\/\\\/www.norma-architecture.fr\\\/index.php\\\/portfolio\\\/le-nice\\\/\",\"name\":\"Brasserie Le Nice - NORMA ARCHITECTURE TAIN L&#039;HERMITAGE\",\"isPartOf\":{\"@id\":\"https:\\\/\\\/www.norma-architecture.fr\\\/#website\"},\"primaryImageOfPage\":{\"@id\":\"https:\\\/\\\/www.norma-architecture.fr\\\/index.php\\\/portfolio\\\/le-nice\\\/#primaryimage\"},\"image\":{\"@id\":\"https:\\\/\\\/www.norma-architecture.fr\\\/index.php\\\/portfolio\\\/le-nice\\\/#primaryimage\"},\"thumbnailUrl\":\"https:\\\/\\\/www.norma-architecture.fr\\\/wp-content\\\/uploads\\\/2018\\\/09\\\/NICE_EXT_1.jpg\",\"datePublished\":\"2018-10-30T15:24:29+00:00\",\"dateModified\":\"2019-01-02T13:04:24+00:00\",\"description\":\"R\u00e9habilitation et extension ossature bois d'une brasserie. Cr\u00e9ation d'ensembles locatifs. Norma Architecture Tain L'Hermitage.\",\"breadcrumb\":{\"@id\":\"https:\\\/\\\/www.norma-architecture.fr\\\/index.php\\\/portfolio\\\/le-nice\\\/#breadcrumb\"},\"inLanguage\":\"fr-FR\",\"potentialAction\":[{\"@type\":\"ReadAction\",\"target\":[\"https:\\\/\\\/www.norma-architecture.fr\\\/index.php\\\/portfolio\\\/le-nice\\\/\"]}]},{\"@type\":\"ImageObject\",\"inLanguage\":\"fr-FR\",\"@id\":\"https:\\\/\\\/www.norma-architecture.fr\\\/index.php\\\/portfolio\\\/le-nice\\\/#primaryimage\",\"url\":\"https:\\\/\\\/www.norma-architecture.fr\\\/wp-content\\\/uploads\\\/2018\\\/09\\\/NICE_EXT_1.jpg\",\"contentUrl\":\"https:\\\/\\\/www.norma-architecture.fr\\\/wp-content\\\/uploads\\\/2018\\\/09\\\/NICE_EXT_1.jpg\",\"width\":1240,\"height\":827,\"caption\":\"Bar - Brasserie Le Nice\"},{\"@type\":\"BreadcrumbList\",\"@id\":\"https:\\\/\\\/www.norma-architecture.fr\\\/index.php\\\/portfolio\\\/le-nice\\\/#breadcrumb\",\"itemListElement\":[{\"@type\":\"ListItem\",\"position\":1,\"name\":\"Home\",\"item\":\"https:\\\/\\\/www.norma-architecture.fr\\\/\"},{\"@type\":\"ListItem\",\"position\":2,\"name\":\"Portfolio\",\"item\":\"https:\\\/\\\/www.norma-architecture.fr\\\/index.php\\\/portfolio\\\/\"},{\"@type\":\"ListItem\",\"position\":3,\"name\":\"Brasserie Le Nice\"}]},{\"@type\":\"WebSite\",\"@id\":\"https:\\\/\\\/www.norma-architecture.fr\\\/#website\",\"url\":\"https:\\\/\\\/www.norma-architecture.fr\\\/\",\"name\":\"NORMA ARCHITECTURE TAIN L'HERMITAGE\",\"description\":\"Norma - Agence d&#039;architecture\",\"publisher\":{\"@id\":\"https:\\\/\\\/www.norma-architecture.fr\\\/#organization\"},\"potentialAction\":[{\"@type\":\"SearchAction\",\"target\":{\"@type\":\"EntryPoint\",\"urlTemplate\":\"https:\\\/\\\/www.norma-architecture.fr\\\/?s={search_term_string}\"},\"query-input\":{\"@type\":\"PropertyValueSpecification\",\"valueRequired\":true,\"valueName\":\"search_term_string\"}}],\"inLanguage\":\"fr-FR\"},{\"@type\":\"Organization\",\"@id\":\"https:\\\/\\\/www.norma-architecture.fr\\\/#organization\",\"name\":\"NORMA ARCHITECTURE\",\"url\":\"https:\\\/\\\/www.norma-architecture.fr\\\/\",\"logo\":{\"@type\":\"ImageObject\",\"inLanguage\":\"fr-FR\",\"@id\":\"https:\\\/\\\/www.norma-architecture.fr\\\/#\\\/schema\\\/logo\\\/image\\\/\",\"url\":\"https:\\\/\\\/www.norma-architecture.fr\\\/wp-content\\\/uploads\\\/2018\\\/08\\\/Logo-Norma-01.png\",\"contentUrl\":\"https:\\\/\\\/www.norma-architecture.fr\\\/wp-content\\\/uploads\\\/2018\\\/08\\\/Logo-Norma-01.png\",\"width\":833,\"height\":833,\"caption\":\"NORMA ARCHITECTURE\"},\"image\":{\"@id\":\"https:\\\/\\\/www.norma-architecture.fr\\\/#\\\/schema\\\/logo\\\/image\\\/\"}}]}<\/script>\n<!-- \/ Yoast SEO plugin. -->","yoast_head_json":{"title":"Brasserie Le Nice - NORMA ARCHITECTURE TAIN L&#039;HERMITAGE","description":"R\u00e9habilitation et extension ossature bois d'une brasserie. Cr\u00e9ation d'ensembles locatifs. Norma Architecture Tain L'Hermitage.","robots":{"index":"index","follow":"follow","max-snippet":"max-snippet:-1","max-image-preview":"max-image-preview:large","max-video-preview":"max-video-preview:-1"},"canonical":"https:\/\/www.norma-architecture.fr\/index.php\/portfolio\/le-nice\/","og_locale":"fr_FR","og_type":"article","og_title":"Brasserie Le Nice - NORMA ARCHITECTURE TAIN L&#039;HERMITAGE","og_description":"R\u00e9habilitation et extension ossature bois d'une brasserie. Cr\u00e9ation d'ensembles locatifs. Norma Architecture Tain L'Hermitage.","og_url":"https:\/\/www.norma-architecture.fr\/index.php\/portfolio\/le-nice\/","og_site_name":"NORMA ARCHITECTURE TAIN L&#039;HERMITAGE","article_modified_time":"2019-01-02T13:04:24+00:00","og_image":[{"width":1240,"height":827,"url":"https:\/\/www.norma-architecture.fr\/wp-content\/uploads\/2018\/09\/NICE_EXT_1.jpg","type":"image\/jpeg"}],"twitter_card":"summary_large_image","twitter_misc":{"Dur\u00e9e de lecture estim\u00e9e":"3 minutes"},"schema":{"@context":"https:\/\/schema.org","@graph":[{"@type":"WebPage","@id":"https:\/\/www.norma-architecture.fr\/index.php\/portfolio\/le-nice\/","url":"https:\/\/www.norma-architecture.fr\/index.php\/portfolio\/le-nice\/","name":"Brasserie Le Nice - NORMA ARCHITECTURE TAIN L&#039;HERMITAGE","isPartOf":{"@id":"https:\/\/www.norma-architecture.fr\/#website"},"primaryImageOfPage":{"@id":"https:\/\/www.norma-architecture.fr\/index.php\/portfolio\/le-nice\/#primaryimage"},"image":{"@id":"https:\/\/www.norma-architecture.fr\/index.php\/portfolio\/le-nice\/#primaryimage"},"thumbnailUrl":"https:\/\/www.norma-architecture.fr\/wp-content\/uploads\/2018\/09\/NICE_EXT_1.jpg","datePublished":"2018-10-30T15:24:29+00:00","dateModified":"2019-01-02T13:04:24+00:00","description":"R\u00e9habilitation et extension ossature bois d'une brasserie. Cr\u00e9ation d'ensembles locatifs. Norma Architecture Tain L'Hermitage.","breadcrumb":{"@id":"https:\/\/www.norma-architecture.fr\/index.php\/portfolio\/le-nice\/#breadcrumb"},"inLanguage":"fr-FR","potentialAction":[{"@type":"ReadAction","target":["https:\/\/www.norma-architecture.fr\/index.php\/portfolio\/le-nice\/"]}]},{"@type":"ImageObject","inLanguage":"fr-FR","@id":"https:\/\/www.norma-architecture.fr\/index.php\/portfolio\/le-nice\/#primaryimage","url":"https:\/\/www.norma-architecture.fr\/wp-content\/uploads\/2018\/09\/NICE_EXT_1.jpg","contentUrl":"https:\/\/www.norma-architecture.fr\/wp-content\/uploads\/2018\/09\/NICE_EXT_1.jpg","width":1240,"height":827,"caption":"Bar - Brasserie Le Nice"},{"@type":"BreadcrumbList","@id":"https:\/\/www.norma-architecture.fr\/index.php\/portfolio\/le-nice\/#breadcrumb","itemListElement":[{"@type":"ListItem","position":1,"name":"Home","item":"https:\/\/www.norma-architecture.fr\/"},{"@type":"ListItem","position":2,"name":"Portfolio","item":"https:\/\/www.norma-architecture.fr\/index.php\/portfolio\/"},{"@type":"ListItem","position":3,"name":"Brasserie Le Nice"}]},{"@type":"WebSite","@id":"https:\/\/www.norma-architecture.fr\/#website","url":"https:\/\/www.norma-architecture.fr\/","name":"NORMA ARCHITECTURE TAIN L'HERMITAGE","description":"Norma - Agence d&#039;architecture","publisher":{"@id":"https:\/\/www.norma-architecture.fr\/#organization"},"potentialAction":[{"@type":"SearchAction","target":{"@type":"EntryPoint","urlTemplate":"https:\/\/www.norma-architecture.fr\/?s={search_term_string}"},"query-input":{"@type":"PropertyValueSpecification","valueRequired":true,"valueName":"search_term_string"}}],"inLanguage":"fr-FR"},{"@type":"Organization","@id":"https:\/\/www.norma-architecture.fr\/#organization","name":"NORMA ARCHITECTURE","url":"https:\/\/www.norma-architecture.fr\/","logo":{"@type":"ImageObject","inLanguage":"fr-FR","@id":"https:\/\/www.norma-architecture.fr\/#\/schema\/logo\/image\/","url":"https:\/\/www.norma-architecture.fr\/wp-content\/uploads\/2018\/08\/Logo-Norma-01.png","contentUrl":"https:\/\/www.norma-architecture.fr\/wp-content\/uploads\/2018\/08\/Logo-Norma-01.png","width":833,"height":833,"caption":"NORMA ARCHITECTURE"},"image":{"@id":"https:\/\/www.norma-architecture.fr\/#\/schema\/logo\/image\/"}}]}},"_links":{"self":[{"href":"https:\/\/www.norma-architecture.fr\/index.php\/wp-json\/wp\/v2\/portfolio\/3857","targetHints":{"allow":["GET"]}}],"collection":[{"href":"https:\/\/www.norma-architecture.fr\/index.php\/wp-json\/wp\/v2\/portfolio"}],"about":[{"href":"https:\/\/www.norma-architecture.fr\/index.php\/wp-json\/wp\/v2\/types\/portfolio"}],"author":[{"embeddable":true,"href":"https:\/\/www.norma-architecture.fr\/index.php\/wp-json\/wp\/v2\/users\/1"}],"replies":[{"embeddable":true,"href":"https:\/\/www.norma-architecture.fr\/index.php\/wp-json\/wp\/v2\/comments?post=3857"}],"version-history":[{"count":0,"href":"https:\/\/www.norma-architecture.fr\/index.php\/wp-json\/wp\/v2\/portfolio\/3857\/revisions"}],"wp:featuredmedia":[{"embeddable":true,"href":"https:\/\/www.norma-architecture.fr\/index.php\/wp-json\/wp\/v2\/media\/3854"}],"wp:attachment":[{"href":"https:\/\/www.norma-architecture.fr\/index.php\/wp-json\/wp\/v2\/media?parent=3857"}],"wp:term":[{"taxonomy":"portfolio_category","embeddable":true,"href":"https:\/\/www.norma-architecture.fr\/index.php\/wp-json\/wp\/v2\/portfolio_category?post=3857"},{"taxonomy":"portfolio_tag","embeddable":true,"href":"https:\/\/www.norma-architecture.fr\/index.php\/wp-json\/wp\/v2\/portfolio_tag?post=3857"}],"curies":[{"name":"wp","href":"https:\/\/api.w.org\/{rel}","templated":true}]}}